{"id":505,"date":"2020-05-05T09:42:49","date_gmt":"2020-05-05T09:42:49","guid":{"rendered":"https:\/\/eshuttlebus.be\/e-shuttlebus-huren\/"},"modified":"2024-01-31T17:59:36","modified_gmt":"2024-01-31T17:59:36","slug":"location-de-bus-e-shuttle","status":"publish","type":"page","link":"https:\/\/eshuttlebus.be\/fr\/location-de-bus-e-shuttle\/","title":{"rendered":"Location de bus e-shuttle"},"content":{"rendered":"\t\t<div data-elementor-type=\"wp-page\" data-elementor-id=\"505\" class=\"elementor elementor-505 elementor-12\" data-elementor-post-type=\"page\">\n\t\t\t\t\t\t<section class=\"elementor-section elementor-top-section elementor-element elementor-element-5ee25914 elementor-section-height-min-height elementor-section-boxed elementor-section-height-default elementor-section-items-middle\" data-id=\"5ee25914\" data-element_type=\"section\" data-e-type=\"section\" data-settings=\"{&quot;background_background&quot;:&quot;classic&quot;,&quot;shape_divider_bottom&quot;:&quot;opacity-tilt&quot;}\">\n\t\t\t\t\t\t\t<div class=\"elementor-background-overlay\"><\/div>\n\t\t\t\t\t\t<div class=\"elementor-shape elementor-shape-bottom\" aria-hidden=\"true\" data-negative=\"false\">\n\t\t\t<svg xmlns=\"http:\/\/www.w3.org\/2000\/svg\" viewBox=\"0 0 2600 131.1\" preserveAspectRatio=\"none\">\n\t<path class=\"elementor-shape-fill\" d=\"M0 0L2600 0 2600 69.1 0 0z\"\/>\n\t<path class=\"elementor-shape-fill\" style=\"opacity:0.5\" d=\"M0 0L2600 0 2600 69.1 0 69.1z\"\/>\n\t<path class=\"elementor-shape-fill\" style=\"opacity:0.25\" d=\"M2600 0L0 0 0 130.1 2600 69.1z\"\/>\n<\/svg>\t\t<\/div>\n\t\t\t\t\t<div class=\"elementor-container elementor-column-gap-default\">\n\t\t\t\t\t<div class=\"elementor-column elementor-col-100 elementor-top-column elementor-element elementor-element-668b87eb\" data-id=\"668b87eb\" data-element_type=\"column\" data-e-type=\"column\">\n\t\t\t<div class=\"elementor-widget-wrap elementor-element-populated\">\n\t\t\t\t\t\t<div class=\"elementor-element elementor-element-e5c4352 elementor-widget elementor-widget-heading\" data-id=\"e5c4352\" data-element_type=\"widget\" data-e-type=\"widget\" data-widget_type=\"heading.default\">\n\t\t\t\t<div class=\"elementor-widget-container\">\n\t\t\t\t\t<h1 class=\"elementor-heading-title elementor-size-default\">e-shuttlebus huren<\/h1>\t\t\t\t<\/div>\n\t\t\t\t<\/div>\n\t\t\t\t<div class=\"elementor-element elementor-element-216ea9c2 elementor-widget elementor-widget-heading\" data-id=\"216ea9c2\" data-element_type=\"widget\" data-e-type=\"widget\" data-widget_type=\"heading.default\">\n\t\t\t\t<div class=\"elementor-widget-container\">\n\t\t\t\t\t<h2 class=\"elementor-heading-title elementor-size-default\">Louer une navette \u00e9lectrique ou un train \u00e9lectrique <\/h2>\t\t\t\t<\/div>\n\t\t\t\t<\/div>\n\t\t\t\t\t<\/div>\n\t\t<\/div>\n\t\t\t\t\t<\/div>\n\t\t<\/section>\n\t\t\t\t<section class=\"elementor-section elementor-top-section elementor-element elementor-element-171a352a elementor-section-full_width elementor-reverse-tablet elementor-reverse-mobile elementor-section-height-default elementor-section-height-default\" data-id=\"171a352a\" data-element_type=\"section\" data-e-type=\"section\">\n\t\t\t\t\t\t<div class=\"elementor-container elementor-column-gap-no\">\n\t\t\t\t\t<div class=\"elementor-column elementor-col-50 elementor-top-column elementor-element elementor-element-2a20daf7\" data-id=\"2a20daf7\" data-element_type=\"column\" data-e-type=\"column\" data-settings=\"{&quot;background_background&quot;:&quot;classic&quot;}\">\n\t\t\t<div class=\"elementor-widget-wrap elementor-element-populated\">\n\t\t\t\t\t\t<div class=\"elementor-element elementor-element-6d07264e elementor-widget elementor-widget-spacer\" data-id=\"6d07264e\" data-element_type=\"widget\" data-e-type=\"widget\" data-widget_type=\"spacer.default\">\n\t\t\t\t<div class=\"elementor-widget-container\">\n\t\t\t\t\t\t\t<div class=\"elementor-spacer\">\n\t\t\t<div class=\"elementor-spacer-inner\"><\/div>\n\t\t<\/div>\n\t\t\t\t\t\t<\/div>\n\t\t\t\t<\/div>\n\t\t\t\t\t<\/div>\n\t\t<\/div>\n\t\t\t\t<div class=\"elementor-column elementor-col-50 elementor-top-column elementor-element elementor-element-63dd1e0a\" data-id=\"63dd1e0a\" data-element_type=\"column\" data-e-type=\"column\">\n\t\t\t<div class=\"elementor-widget-wrap elementor-element-populated\">\n\t\t\t\t\t\t<div class=\"elementor-element elementor-element-34794b08 elementor-widget elementor-widget-heading\" data-id=\"34794b08\" data-element_type=\"widget\" data-e-type=\"widget\" data-widget_type=\"heading.default\">\n\t\t\t\t<div class=\"elementor-widget-container\">\n\t\t\t\t\t<h6 class=\"elementor-heading-title elementor-size-default\">100% \u00e9lectrique<\/h6>\t\t\t\t<\/div>\n\t\t\t\t<\/div>\n\t\t\t\t<div class=\"elementor-element elementor-element-58c70657 elementor-widget elementor-widget-heading\" data-id=\"58c70657\" data-element_type=\"widget\" data-e-type=\"widget\" data-widget_type=\"heading.default\">\n\t\t\t\t<div class=\"elementor-widget-container\">\n\t\t\t\t\t<h2 class=\"elementor-heading-title elementor-size-default\">Pour les \u00e9v\u00e9nements et les navettes<\/h2>\t\t\t\t<\/div>\n\t\t\t\t<\/div>\n\t\t\t\t<div class=\"elementor-element elementor-element-483bbe3d elementor-widget elementor-widget-text-editor\" data-id=\"483bbe3d\" data-element_type=\"widget\" data-e-type=\"widget\" data-widget_type=\"text-editor.default\">\n\t\t\t\t<div class=\"elementor-widget-container\">\n\t\t\t\t\t\t\t\t\t<p>Nous vous offrons la solution pour le transport de personnes lors d&rsquo;\u00e9v\u00e9nements, de f\u00eates ou par exemple comme service de navette du parking au centre ville. Pour les petits et grands \u00e9v\u00e9nements. Pour une courte p\u00e9riode ou pour une p\u00e9riode plus longue. Au Benelux et dans toute l&rsquo;Europe. Notre capacit\u00e9 est infinie. Notre service est excellent. Posez-nous vos questions sur le transport de passagers, nous trouverons une solution !<\/p>\t\t\t\t\t\t\t\t<\/div>\n\t\t\t\t<\/div>\n\t\t\t\t\t<\/div>\n\t\t<\/div>\n\t\t\t\t\t<\/div>\n\t\t<\/section>\n\t\t\t\t<section class=\"elementor-section elementor-top-section elementor-element elementor-element-351cfdf elementor-section-full_width elementor-section-height-default elementor-section-height-default\" data-id=\"351cfdf\" data-element_type=\"section\" data-e-type=\"section\">\n\t\t\t\t\t\t<div class=\"elementor-container elementor-column-gap-default\">\n\t\t\t\t\t<div class=\"elementor-column elementor-col-50 elementor-top-column elementor-element elementor-element-5c33f954\" data-id=\"5c33f954\" data-element_type=\"column\" data-e-type=\"column\">\n\t\t\t<div class=\"elementor-widget-wrap elementor-element-populated\">\n\t\t\t\t\t\t<div class=\"elementor-element elementor-element-73b3729f elementor-widget elementor-widget-heading\" data-id=\"73b3729f\" data-element_type=\"widget\" data-e-type=\"widget\" data-widget_type=\"heading.default\">\n\t\t\t\t<div class=\"elementor-widget-container\">\n\t\t\t\t\t<h2 class=\"elementor-heading-title elementor-size-default\">Vous voulez une navette ouverte ou un bus e-shuttle ferm\u00e9 ? Nous avons les deux types de v\u00e9hicules en stock.<\/h2>\t\t\t\t<\/div>\n\t\t\t\t<\/div>\n\t\t\t\t<div class=\"elementor-element elementor-element-589e0de5 elementor-icon-list--layout-traditional elementor-list-item-link-full_width elementor-widget elementor-widget-icon-list\" data-id=\"589e0de5\" data-element_type=\"widget\" data-e-type=\"widget\" data-widget_type=\"icon-list.default\">\n\t\t\t\t<div class=\"elementor-widget-container\">\n\t\t\t\t\t\t\t<ul class=\"elementor-icon-list-items\">\n\t\t\t\t\t\t\t<li class=\"elementor-icon-list-item\">\n\t\t\t\t\t\t\t\t\t\t\t<span class=\"elementor-icon-list-icon\">\n\t\t\t\t\t\t\t<i aria-hidden=\"true\" class=\"far fa-arrow-alt-circle-right\"><\/i>\t\t\t\t\t\t<\/span>\n\t\t\t\t\t\t\t\t\t\t<span class=\"elementor-icon-list-text\">Nos petites navettes \u00e9lectriques peuvent accueillir 8 ou 14 personnes.<\/span>\n\t\t\t\t\t\t\t\t\t<\/li>\n\t\t\t\t\t\t\t\t<li class=\"elementor-icon-list-item\">\n\t\t\t\t\t\t\t\t\t\t\t<span class=\"elementor-icon-list-icon\">\n\t\t\t\t\t\t\t<i aria-hidden=\"true\" class=\"far fa-arrow-alt-circle-right\"><\/i>\t\t\t\t\t\t<\/span>\n\t\t\t\t\t\t\t\t\t\t<span class=\"elementor-icon-list-text\">Les grandes navettes \u00e9lectriques peuvent accueillir 24 personnes<\/span>\n\t\t\t\t\t\t\t\t\t<\/li>\n\t\t\t\t\t\t\t\t<li class=\"elementor-icon-list-item\">\n\t\t\t\t\t\t\t\t\t\t\t<span class=\"elementor-icon-list-icon\">\n\t\t\t\t\t\t\t<i aria-hidden=\"true\" class=\"far fa-arrow-alt-circle-right\"><\/i>\t\t\t\t\t\t<\/span>\n\t\t\t\t\t\t\t\t\t\t<span class=\"elementor-icon-list-text\">Les trains \u00e9lectriques peuvent accueillir 26 personnes.<\/span>\n\t\t\t\t\t\t\t\t\t<\/li>\n\t\t\t\t\t\t\t\t<li class=\"elementor-icon-list-item\">\n\t\t\t\t\t\t\t\t\t\t\t<span class=\"elementor-icon-list-icon\">\n\t\t\t\t\t\t\t<i aria-hidden=\"true\" class=\"far fa-arrow-alt-circle-right\"><\/i>\t\t\t\t\t\t<\/span>\n\t\t\t\t\t\t\t\t\t\t<span class=\"elementor-icon-list-text\">Nous livrons nos v\u00e9hicules de location \u00e9lectriques dans toute l'Europe<\/span>\n\t\t\t\t\t\t\t\t\t<\/li>\n\t\t\t\t\t\t\t\t<li class=\"elementor-icon-list-item\">\n\t\t\t\t\t\t\t\t\t\t\t<span class=\"elementor-icon-list-icon\">\n\t\t\t\t\t\t\t<i aria-hidden=\"true\" class=\"far fa-arrow-alt-circle-right\"><\/i>\t\t\t\t\t\t<\/span>\n\t\t\t\t\t\t\t\t\t\t<span class=\"elementor-icon-list-text\">Nos navettes sont \u00e9quip\u00e9es de tout le luxe et le confort n\u00e9cessaires et nous transporterons vos invit\u00e9s avec un chauffeur exp\u00e9riment\u00e9 si vous le souhaitez.<\/span>\n\t\t\t\t\t\t\t\t\t<\/li>\n\t\t\t\t\t\t\t\t<li class=\"elementor-icon-list-item\">\n\t\t\t\t\t\t\t\t\t\t\t<span class=\"elementor-icon-list-icon\">\n\t\t\t\t\t\t\t<i aria-hidden=\"true\" class=\"far fa-arrow-alt-circle-right\"><\/i>\t\t\t\t\t\t<\/span>\n\t\t\t\t\t\t\t\t\t\t<span class=\"elementor-icon-list-text\">Nos bus ont une excellente autonomie et se rechargent compl\u00e8tement en 8 heures sur un r\u00e9seau \u00e9lectrique normal de 220V.<\/span>\n\t\t\t\t\t\t\t\t\t<\/li>\n\t\t\t\t\t\t\t\t<li class=\"elementor-icon-list-item\">\n\t\t\t\t\t\t\t\t\t\t\t<span class=\"elementor-icon-list-icon\">\n\t\t\t\t\t\t\t<i aria-hidden=\"true\" class=\"far fa-arrow-alt-circle-right\"><\/i>\t\t\t\t\t\t<\/span>\n\t\t\t\t\t\t\t\t\t\t<span class=\"elementor-icon-list-text\">Les \"People Movers\" \u00e9lectriques b\u00e9n\u00e9ficient d'une assurance et d'un syst\u00e8me de suivi.<\/span>\n\t\t\t\t\t\t\t\t\t<\/li>\n\t\t\t\t\t\t\t\t<li class=\"elementor-icon-list-item\">\n\t\t\t\t\t\t\t\t\t\t\t<span class=\"elementor-icon-list-icon\">\n\t\t\t\t\t\t\t<i aria-hidden=\"true\" class=\"far fa-arrow-alt-circle-right\"><\/i>\t\t\t\t\t\t<\/span>\n\t\t\t\t\t\t\t\t\t\t<span class=\"elementor-icon-list-text\">Entre tous nos clients de location pour un contrat de location europ\u00e9en \u00e9tabli   <\/span>\n\t\t\t\t\t\t\t\t\t<\/li>\n\t\t\t\t\t\t\t\t<li class=\"elementor-icon-list-item\">\n\t\t\t\t\t\t\t\t\t\t\t<span class=\"elementor-icon-list-icon\">\n\t\t\t\t\t\t\t<i aria-hidden=\"true\" class=\"far fa-arrow-alt-circle-right\"><\/i>\t\t\t\t\t\t<\/span>\n\t\t\t\t\t\t\t\t\t\t<span class=\"elementor-icon-list-text\">Nous livrons toujours nos bus e-shuttle avec les bons documents. <\/span>\n\t\t\t\t\t\t\t\t\t<\/li>\n\t\t\t\t\t\t<\/ul>\n\t\t\t\t\t\t<\/div>\n\t\t\t\t<\/div>\n\t\t\t\t<div class=\"elementor-element elementor-element-66b893b elementor-mobile-align-justify elementor-widget elementor-widget-button\" data-id=\"66b893b\" data-element_type=\"widget\" data-e-type=\"widget\" data-widget_type=\"button.default\">\n\t\t\t\t<div class=\"elementor-widget-container\">\n\t\t\t\t\t\t\t\t\t<div class=\"elementor-button-wrapper\">\n\t\t\t\t\t<a class=\"elementor-button elementor-button-link elementor-size-sm\" href=\"mailto:rent@invest-mobile.com\">\n\t\t\t\t\t\t<span class=\"elementor-button-content-wrapper\">\n\t\t\t\t\t\t\t\t\t<span class=\"elementor-button-text\">rent@invest-mobile.com<\/span>\n\t\t\t\t\t<\/span>\n\t\t\t\t\t<\/a>\n\t\t\t\t<\/div>\n\t\t\t\t\t\t\t\t<\/div>\n\t\t\t\t<\/div>\n\t\t\t\t\t<\/div>\n\t\t<\/div>\n\t\t\t\t<div class=\"elementor-column elementor-col-50 elementor-top-column elementor-element elementor-element-352e619a\" data-id=\"352e619a\" data-element_type=\"column\" data-e-type=\"column\" data-settings=\"{&quot;background_background&quot;:&quot;classic&quot;}\">\n\t\t\t<div class=\"elementor-widget-wrap elementor-element-populated\">\n\t\t\t\t\t\t<div class=\"elementor-element elementor-element-63843c72 elementor-widget elementor-widget-spacer\" data-id=\"63843c72\" data-element_type=\"widget\" data-e-type=\"widget\" data-widget_type=\"spacer.default\">\n\t\t\t\t<div class=\"elementor-widget-container\">\n\t\t\t\t\t\t\t<div class=\"elementor-spacer\">\n\t\t\t<div class=\"elementor-spacer-inner\"><\/div>\n\t\t<\/div>\n\t\t\t\t\t\t<\/div>\n\t\t\t\t<\/div>\n\t\t\t\t\t<\/div>\n\t\t<\/div>\n\t\t\t\t\t<\/div>\n\t\t<\/section>\n\t\t\t\t<section class=\"elementor-section elementor-top-section elementor-element elementor-element-64a2bffe elementor-section-boxed elementor-section-height-default elementor-section-height-default\" data-id=\"64a2bffe\" data-element_type=\"section\" data-e-type=\"section\" data-settings=\"{&quot;background_background&quot;:&quot;classic&quot;}\">\n\t\t\t\t\t\t<div class=\"elementor-container elementor-column-gap-default\">\n\t\t\t\t\t<div class=\"elementor-column elementor-col-100 elementor-top-column elementor-element elementor-element-185f058d\" data-id=\"185f058d\" data-element_type=\"column\" data-e-type=\"column\">\n\t\t\t<div class=\"elementor-widget-wrap elementor-element-populated\">\n\t\t\t\t\t\t<div class=\"elementor-element elementor-element-7ce58bc4 elementor-widget elementor-widget-heading\" data-id=\"7ce58bc4\" data-element_type=\"widget\" data-e-type=\"widget\" data-widget_type=\"heading.default\">\n\t\t\t\t<div class=\"elementor-widget-container\">\n\t\t\t\t\t<h2 class=\"elementor-heading-title elementor-size-default\">Choisissez la mobilit\u00e9 \u00e9lectrique !<\/h2>\t\t\t\t<\/div>\n\t\t\t\t<\/div>\n\t\t\t\t<div class=\"elementor-element elementor-element-4ff3dc4c elementor-widget elementor-widget-text-editor\" data-id=\"4ff3dc4c\" data-element_type=\"widget\" data-e-type=\"widget\" data-widget_type=\"text-editor.default\">\n\t\t\t\t<div class=\"elementor-widget-container\">\n\t\t\t\t\t\t\t\t\t<p>Choisissez une alternative \u00e9cologique et confortable. Laissez vos v\u00e9hicules \u00e9nergivores et polluants derri\u00e8re vous.<\/p>\t\t\t\t\t\t\t\t<\/div>\n\t\t\t\t<\/div>\n\t\t\t\t\t<\/div>\n\t\t<\/div>\n\t\t\t\t\t<\/div>\n\t\t<\/section>\n\t\t\t\t<section class=\"elementor-section elementor-top-section elementor-element elementor-element-465a7c96 elementor-section-boxed elementor-section-height-default elementor-section-height-default\" data-id=\"465a7c96\" data-element_type=\"section\" data-e-type=\"section\" data-settings=\"{&quot;background_background&quot;:&quot;classic&quot;}\">\n\t\t\t\t\t\t\t<div class=\"elementor-background-overlay\"><\/div>\n\t\t\t\t\t\t\t<div class=\"elementor-container elementor-column-gap-default\">\n\t\t\t\t\t<div class=\"elementor-column elementor-col-33 elementor-top-column elementor-element elementor-element-6e3507f\" data-id=\"6e3507f\" data-element_type=\"column\" data-e-type=\"column\">\n\t\t\t<div class=\"elementor-widget-wrap elementor-element-populated\">\n\t\t\t\t\t\t<div class=\"elementor-element elementor-element-40b71c0b elementor-cta--skin-classic elementor-animated-content elementor-bg-transform elementor-bg-transform-zoom-in elementor-widget elementor-widget-call-to-action\" data-id=\"40b71c0b\" data-element_type=\"widget\" data-e-type=\"widget\" data-widget_type=\"call-to-action.default\">\n\t\t\t\t<div class=\"elementor-widget-container\">\n\t\t\t\t\t\t\t<div class=\"elementor-cta\">\n\t\t\t\t\t<div class=\"elementor-cta__bg-wrapper\">\n\t\t\t\t<div class=\"elementor-cta__bg elementor-bg\" style=\"background-image: url(https:\/\/eshuttlebus.be\/wp-content\/uploads\/2023\/01\/8-personen-1024x683.jpg);\" role=\"img\" aria-label=\"8 personen\"><\/div>\n\t\t\t\t<div class=\"elementor-cta__bg-overlay\"><\/div>\n\t\t\t<\/div>\n\t\t\t\t\t\t\t<div class=\"elementor-cta__content\">\n\t\t\t\t\n\t\t\t\t\t\t\t\t\t<h2 class=\"elementor-cta__title elementor-cta__content-item elementor-content-item\">\n\t\t\t\t\t\tlocation de bus e-shuttle\t\t\t\t\t<\/h2>\n\t\t\t\t\n\t\t\t\t\t\t\t\t\t<div class=\"elementor-cta__description elementor-cta__content-item elementor-content-item\">\n\t\t\t\t\t\t<p>8 personnes<\/p>\n\t\t\t\t\t<\/div>\n\t\t\t\t\n\t\t\t\t\t\t\t\t\t<div class=\"elementor-cta__button-wrapper elementor-cta__content-item elementor-content-item \">\n\t\t\t\t\t<a class=\"elementor-cta__button elementor-button elementor-size-\" href=\"https:\/\/eshuttlebus.be\/fr\/location-e-shuttlebus-8-personnes\/\">\n\t\t\t\t\t\tPlus d'informations\t\t\t\t\t<\/a>\n\t\t\t\t\t<\/div>\n\t\t\t\t\t\t\t<\/div>\n\t\t\t\t\t\t<\/div>\n\t\t\t\t\t\t<\/div>\n\t\t\t\t<\/div>\n\t\t\t\t\t<\/div>\n\t\t<\/div>\n\t\t\t\t<div class=\"elementor-column elementor-col-33 elementor-top-column elementor-element elementor-element-9108c17\" data-id=\"9108c17\" data-element_type=\"column\" data-e-type=\"column\">\n\t\t\t<div class=\"elementor-widget-wrap elementor-element-populated\">\n\t\t\t\t\t\t<div class=\"elementor-element elementor-element-44ca66f3 elementor-cta--skin-classic elementor-animated-content elementor-bg-transform elementor-bg-transform-zoom-in elementor-widget elementor-widget-call-to-action\" data-id=\"44ca66f3\" data-element_type=\"widget\" data-e-type=\"widget\" data-widget_type=\"call-to-action.default\">\n\t\t\t\t<div class=\"elementor-widget-container\">\n\t\t\t\t\t\t\t<div class=\"elementor-cta\">\n\t\t\t\t\t<div class=\"elementor-cta__bg-wrapper\">\n\t\t\t\t<div class=\"elementor-cta__bg elementor-bg\" style=\"background-image: url(https:\/\/eshuttlebus.be\/wp-content\/uploads\/2023\/01\/17-personen-1024x683.jpg);\" role=\"img\" aria-label=\"17 personen\"><\/div>\n\t\t\t\t<div class=\"elementor-cta__bg-overlay\"><\/div>\n\t\t\t<\/div>\n\t\t\t\t\t\t\t<div class=\"elementor-cta__content\">\n\t\t\t\t\n\t\t\t\t\t\t\t\t\t<h2 class=\"elementor-cta__title elementor-cta__content-item elementor-content-item\">\n\t\t\t\t\t\tlocation de bus e-shuttle\t\t\t\t\t<\/h2>\n\t\t\t\t\n\t\t\t\t\t\t\t\t\t<div class=\"elementor-cta__description elementor-cta__content-item elementor-content-item\">\n\t\t\t\t\t\t<p>14 personnes<\/p>\n\t\t\t\t\t<\/div>\n\t\t\t\t\n\t\t\t\t\t\t\t\t\t<div class=\"elementor-cta__button-wrapper elementor-cta__content-item elementor-content-item \">\n\t\t\t\t\t<a class=\"elementor-cta__button elementor-button elementor-size-\" href=\"https:\/\/eshuttlebus.be\/fr\/location-e-shuttlebus-14-personnes\/\">\n\t\t\t\t\t\tPlus d'informations\t\t\t\t\t<\/a>\n\t\t\t\t\t<\/div>\n\t\t\t\t\t\t\t<\/div>\n\t\t\t\t\t\t<\/div>\n\t\t\t\t\t\t<\/div>\n\t\t\t\t<\/div>\n\t\t\t\t\t<\/div>\n\t\t<\/div>\n\t\t\t\t<div class=\"elementor-column elementor-col-33 elementor-top-column elementor-element elementor-element-72f03fce\" data-id=\"72f03fce\" data-element_type=\"column\" data-e-type=\"column\">\n\t\t\t<div class=\"elementor-widget-wrap elementor-element-populated\">\n\t\t\t\t\t\t<div class=\"elementor-element elementor-element-84b7dda elementor-cta--skin-classic elementor-animated-content elementor-bg-transform elementor-bg-transform-zoom-in elementor-widget elementor-widget-call-to-action\" data-id=\"84b7dda\" data-element_type=\"widget\" data-e-type=\"widget\" data-widget_type=\"call-to-action.default\">\n\t\t\t\t<div class=\"elementor-widget-container\">\n\t\t\t\t\t\t\t<div class=\"elementor-cta\">\n\t\t\t\t\t<div class=\"elementor-cta__bg-wrapper\">\n\t\t\t\t<div class=\"elementor-cta__bg elementor-bg\" style=\"background-image: url(https:\/\/eshuttlebus.be\/wp-content\/uploads\/2023\/01\/23-personen-1024x683.jpg);\" role=\"img\" aria-label=\"23 personen\"><\/div>\n\t\t\t\t<div class=\"elementor-cta__bg-overlay\"><\/div>\n\t\t\t<\/div>\n\t\t\t\t\t\t\t<div class=\"elementor-cta__content\">\n\t\t\t\t\n\t\t\t\t\t\t\t\t\t<h2 class=\"elementor-cta__title elementor-cta__content-item elementor-content-item\">\n\t\t\t\t\t\tlocation de bus e-shuttle\t\t\t\t\t<\/h2>\n\t\t\t\t\n\t\t\t\t\t\t\t\t\t<div class=\"elementor-cta__description elementor-cta__content-item elementor-content-item\">\n\t\t\t\t\t\t<p>23 personnes<\/p>\n\t\t\t\t\t<\/div>\n\t\t\t\t\n\t\t\t\t\t\t\t\t\t<div class=\"elementor-cta__button-wrapper elementor-cta__content-item elementor-content-item \">\n\t\t\t\t\t<a class=\"elementor-cta__button elementor-button elementor-size-\" href=\"https:\/\/eshuttlebus.be\/fr\/location-e-shuttlebus-23-personnes\/\">\n\t\t\t\t\t\tPlus d'informations\t\t\t\t\t<\/a>\n\t\t\t\t\t<\/div>\n\t\t\t\t\t\t\t<\/div>\n\t\t\t\t\t\t<\/div>\n\t\t\t\t\t\t<\/div>\n\t\t\t\t<\/div>\n\t\t\t\t\t<\/div>\n\t\t<\/div>\n\t\t\t\t\t<\/div>\n\t\t<\/section>\n\t\t\t\t<\/div>\n\t\t","protected":false},"excerpt":{"rendered":"<p>e-shuttlebus huren Louer une navette \u00e9lectrique ou un train \u00e9lectrique 100% \u00e9lectrique Pour les \u00e9v\u00e9nements et les navettes Nous vous offrons la solution pour le transport de personnes lors d&rsquo;\u00e9v\u00e9nements, de f\u00eates ou par exemple comme service de navette du parking au centre ville. Pour les petits et grands \u00e9v\u00e9nements. Pour une courte p\u00e9riode ou [&hellip;]<\/p>\n","protected":false},"author":1,"featured_media":0,"parent":0,"menu_order":0,"comment_status":"closed","ping_status":"closed","template":"elementor_header_footer","meta":{"footnotes":""},"class_list":["post-505","page","type-page","status-publish","hentry"],"yoast_head":"<!-- This site is optimized with the Yoast SEO plugin v26.9 - https:\/\/yoast.com\/product\/yoast-seo-wordpress\/ -->\n<title>e-shuttlebus huren voor evenementen en pendeldiensten<\/title>\n<meta name=\"description\" content=\"Wij bieden u d\u00e9 oplossing voor het vervoer van personen tijdens evenementen, feesten of bijvoorbeeld als pendeldienst van parking naar het stadscentrum. Voor kleine of grote evenementen.\" \/>\n<meta name=\"robots\" content=\"index, follow, max-snippet:-1, max-image-preview:large, max-video-preview:-1\" \/>\n<link rel=\"canonical\" href=\"https:\/\/eshuttlebus.be\/e-shuttlebus-huren\/\" \/>\n<meta property=\"og:locale\" content=\"fr_FR\" \/>\n<meta property=\"og:type\" content=\"article\" \/>\n<meta property=\"og:title\" content=\"e-shuttlebus huren voor evenementen en pendeldiensten\" \/>\n<meta property=\"og:description\" content=\"Wij bieden u d\u00e9 oplossing voor het vervoer van personen tijdens evenementen, feesten of bijvoorbeeld als pendeldienst van parking naar het stadscentrum. Voor kleine of grote evenementen.\" \/>\n<meta property=\"og:url\" content=\"https:\/\/eshuttlebus.be\/e-shuttlebus-huren\/\" \/>\n<meta property=\"og:site_name\" content=\"e-shuttlebus\" \/>\n<meta property=\"article:modified_time\" content=\"2024-01-31T17:59:36+00:00\" \/>\n<meta name=\"twitter:card\" content=\"summary_large_image\" \/>\n<meta name=\"twitter:label1\" content=\"Dur\u00e9e de lecture est.\" \/>\n\t<meta name=\"twitter:data1\" content=\"2 minutes\" \/>\n<script type=\"application\/ld+json\" class=\"yoast-schema-graph\">{\"@context\":\"https:\/\/schema.org\",\"@graph\":[{\"@type\":\"WebPage\",\"@id\":\"https:\/\/eshuttlebus.be\/e-shuttlebus-huren\/\",\"url\":\"https:\/\/eshuttlebus.be\/e-shuttlebus-huren\/\",\"name\":\"e-shuttlebus huren voor evenementen en pendeldiensten\",\"isPartOf\":{\"@id\":\"https:\/\/eshuttlebus.be\/#website\"},\"datePublished\":\"2020-05-05T09:42:49+00:00\",\"dateModified\":\"2024-01-31T17:59:36+00:00\",\"description\":\"Wij bieden u d\u00e9 oplossing voor het vervoer van personen tijdens evenementen, feesten of bijvoorbeeld als pendeldienst van parking naar het stadscentrum. Voor kleine of grote evenementen.\",\"breadcrumb\":{\"@id\":\"https:\/\/eshuttlebus.be\/e-shuttlebus-huren\/#breadcrumb\"},\"inLanguage\":\"fr-BE\",\"potentialAction\":[{\"@type\":\"ReadAction\",\"target\":[\"https:\/\/eshuttlebus.be\/e-shuttlebus-huren\/\"]}]},{\"@type\":\"BreadcrumbList\",\"@id\":\"https:\/\/eshuttlebus.be\/e-shuttlebus-huren\/#breadcrumb\",\"itemListElement\":[{\"@type\":\"ListItem\",\"position\":1,\"name\":\"Home\",\"item\":\"https:\/\/eshuttlebus.be\/fr\/\"},{\"@type\":\"ListItem\",\"position\":2,\"name\":\"Location de bus e-shuttle\"}]},{\"@type\":\"WebSite\",\"@id\":\"https:\/\/eshuttlebus.be\/#website\",\"url\":\"https:\/\/eshuttlebus.be\/\",\"name\":\"e-shuttlebus\",\"description\":\"100% elektrisch en milieuvriendelijk personenvervoer\",\"publisher\":{\"@id\":\"https:\/\/eshuttlebus.be\/#organization\"},\"potentialAction\":[{\"@type\":\"SearchAction\",\"target\":{\"@type\":\"EntryPoint\",\"urlTemplate\":\"https:\/\/eshuttlebus.be\/?s={search_term_string}\"},\"query-input\":{\"@type\":\"PropertyValueSpecification\",\"valueRequired\":true,\"valueName\":\"search_term_string\"}}],\"inLanguage\":\"fr-BE\"},{\"@type\":\"Organization\",\"@id\":\"https:\/\/eshuttlebus.be\/#organization\",\"name\":\"e-shuttlebus DistriMob\",\"url\":\"https:\/\/eshuttlebus.be\/\",\"logo\":{\"@type\":\"ImageObject\",\"inLanguage\":\"fr-BE\",\"@id\":\"https:\/\/eshuttlebus.be\/#\/schema\/logo\/image\/\",\"url\":\"https:\/\/eshuttlebus.be\/wp-content\/uploads\/2020\/05\/e-shuttlebus-logo.png\",\"contentUrl\":\"https:\/\/eshuttlebus.be\/wp-content\/uploads\/2020\/05\/e-shuttlebus-logo.png\",\"width\":549,\"height\":157,\"caption\":\"e-shuttlebus DistriMob\"},\"image\":{\"@id\":\"https:\/\/eshuttlebus.be\/#\/schema\/logo\/image\/\"}}]}<\/script>\n<!-- \/ Yoast SEO plugin. -->","yoast_head_json":{"title":"e-shuttlebus huren voor evenementen en pendeldiensten","description":"Wij bieden u d\u00e9 oplossing voor het vervoer van personen tijdens evenementen, feesten of bijvoorbeeld als pendeldienst van parking naar het stadscentrum. Voor kleine of grote evenementen.","robots":{"index":"index","follow":"follow","max-snippet":"max-snippet:-1","max-image-preview":"max-image-preview:large","max-video-preview":"max-video-preview:-1"},"canonical":"https:\/\/eshuttlebus.be\/e-shuttlebus-huren\/","og_locale":"fr_FR","og_type":"article","og_title":"e-shuttlebus huren voor evenementen en pendeldiensten","og_description":"Wij bieden u d\u00e9 oplossing voor het vervoer van personen tijdens evenementen, feesten of bijvoorbeeld als pendeldienst van parking naar het stadscentrum. Voor kleine of grote evenementen.","og_url":"https:\/\/eshuttlebus.be\/e-shuttlebus-huren\/","og_site_name":"e-shuttlebus","article_modified_time":"2024-01-31T17:59:36+00:00","twitter_card":"summary_large_image","twitter_misc":{"Dur\u00e9e de lecture est.":"2 minutes"},"schema":{"@context":"https:\/\/schema.org","@graph":[{"@type":"WebPage","@id":"https:\/\/eshuttlebus.be\/e-shuttlebus-huren\/","url":"https:\/\/eshuttlebus.be\/e-shuttlebus-huren\/","name":"e-shuttlebus huren voor evenementen en pendeldiensten","isPartOf":{"@id":"https:\/\/eshuttlebus.be\/#website"},"datePublished":"2020-05-05T09:42:49+00:00","dateModified":"2024-01-31T17:59:36+00:00","description":"Wij bieden u d\u00e9 oplossing voor het vervoer van personen tijdens evenementen, feesten of bijvoorbeeld als pendeldienst van parking naar het stadscentrum. Voor kleine of grote evenementen.","breadcrumb":{"@id":"https:\/\/eshuttlebus.be\/e-shuttlebus-huren\/#breadcrumb"},"inLanguage":"fr-BE","potentialAction":[{"@type":"ReadAction","target":["https:\/\/eshuttlebus.be\/e-shuttlebus-huren\/"]}]},{"@type":"BreadcrumbList","@id":"https:\/\/eshuttlebus.be\/e-shuttlebus-huren\/#breadcrumb","itemListElement":[{"@type":"ListItem","position":1,"name":"Home","item":"https:\/\/eshuttlebus.be\/fr\/"},{"@type":"ListItem","position":2,"name":"Location de bus e-shuttle"}]},{"@type":"WebSite","@id":"https:\/\/eshuttlebus.be\/#website","url":"https:\/\/eshuttlebus.be\/","name":"e-shuttlebus","description":"100% elektrisch en milieuvriendelijk personenvervoer","publisher":{"@id":"https:\/\/eshuttlebus.be\/#organization"},"potentialAction":[{"@type":"SearchAction","target":{"@type":"EntryPoint","urlTemplate":"https:\/\/eshuttlebus.be\/?s={search_term_string}"},"query-input":{"@type":"PropertyValueSpecification","valueRequired":true,"valueName":"search_term_string"}}],"inLanguage":"fr-BE"},{"@type":"Organization","@id":"https:\/\/eshuttlebus.be\/#organization","name":"e-shuttlebus DistriMob","url":"https:\/\/eshuttlebus.be\/","logo":{"@type":"ImageObject","inLanguage":"fr-BE","@id":"https:\/\/eshuttlebus.be\/#\/schema\/logo\/image\/","url":"https:\/\/eshuttlebus.be\/wp-content\/uploads\/2020\/05\/e-shuttlebus-logo.png","contentUrl":"https:\/\/eshuttlebus.be\/wp-content\/uploads\/2020\/05\/e-shuttlebus-logo.png","width":549,"height":157,"caption":"e-shuttlebus DistriMob"},"image":{"@id":"https:\/\/eshuttlebus.be\/#\/schema\/logo\/image\/"}}]}},"_links":{"self":[{"href":"https:\/\/eshuttlebus.be\/fr\/wp-json\/wp\/v2\/pages\/505","targetHints":{"allow":["GET"]}}],"collection":[{"href":"https:\/\/eshuttlebus.be\/fr\/wp-json\/wp\/v2\/pages"}],"about":[{"href":"https:\/\/eshuttlebus.be\/fr\/wp-json\/wp\/v2\/types\/page"}],"author":[{"embeddable":true,"href":"https:\/\/eshuttlebus.be\/fr\/wp-json\/wp\/v2\/users\/1"}],"replies":[{"embeddable":true,"href":"https:\/\/eshuttlebus.be\/fr\/wp-json\/wp\/v2\/comments?post=505"}],"version-history":[{"count":26,"href":"https:\/\/eshuttlebus.be\/fr\/wp-json\/wp\/v2\/pages\/505\/revisions"}],"predecessor-version":[{"id":983,"href":"https:\/\/eshuttlebus.be\/fr\/wp-json\/wp\/v2\/pages\/505\/revisions\/983"}],"wp:attachment":[{"href":"https:\/\/eshuttlebus.be\/fr\/wp-json\/wp\/v2\/media?parent=505"}],"curies":[{"name":"wp","href":"https:\/\/api.w.org\/{rel}","templated":true}]}}